{"id":899,"date":"2021-07-28T06:12:52","date_gmt":"2021-07-28T05:12:52","guid":{"rendered":"https:\/\/transmediacatalonia.uab.cat\/easit\/?page_id=899"},"modified":"2024-03-22T12:08:12","modified_gmt":"2024-03-22T12:08:12","slug":"interview-with-professionals-2","status":"publish","type":"page","link":"https:\/\/transmediacatalonia.uab.cat\/easit\/unit-3a\/element-1\/interview-with-professionals-2\/","title":{"rendered":"3A.1.11. Interview with professionals 2"},"content":{"rendered":"\n<h2 class=\"wp-block-heading\">Additional materials<\/h2>\n\n\n\n<ul class=\"wp-block-list\"><li><span class=\"tag-access\">[standard]<\/span> Asociaci\u00f3n Espa\u00f1ola de Normalizaci\u00f3n y Certificaci\u00f3n (AENOR). (2012). <em>Norma UNE 153010: Subtitulado para personas sordas y personas con discapacidad auditiva<\/em>. <span class=\"tag-access\">[in Spanish]<\/span><\/li><li><span class=\"tag-access\">[book chapter]<\/span> Lorenzo Garc\u00eda, L. (2010). Criteria for elaborating subtitling for deaf and hard of hearing children in Spain: a guide of good practice. In A. Matamala, &amp; P. Orero (Eds.). <em>Listening to subtitles. Subtitles for the deaf and hard of hearing<\/em> (pp.&nbsp;139-147). Peter Lang. <span class=\"tag-access\">[in English]<\/span><\/li><li><span class=\"tag-access\">[book chapter]<\/span> Pereira Rodr\u00edguez, A. (2010). Criteria for elaborating subtitles for deaf and hard of hearing adults in Spain: description of a case study. In A. Matamala, &amp; P. Orero (Eds.). <em>Listening to Subtitles. Subtitles for the Deaf and Hard of Hearing<\/em> (pp.&nbsp;87-102). Peter Lang. <span class=\"tag-access\">[in English]<\/span><\/li><li><span class=\"tag-access\">[open-access guidelines]<\/span> Radiotelevisione Italiana (RAI). (2018, March 15).<em> <\/em><a href=\"http:\/\/www.rai.it\/dl\/docs\/1521654837138PREREGISTR_22_feb_2016_-_Norme_e__Convenzioni_essenziali_per_la_composiz....pdf\" target=\"_blank\" rel=\"noreferrer noopener nofollow\"><em>Norme e convenzioni essenziali per la composizione dei sottotitoli televisivi per non udenti a cura di Servizio Sottotitoli-RAI<\/em><\/a>. <span class=\"tag-access\">[in Italian]<\/span><\/li><li><span class=\"tag-access\">[open-access research article]<\/span> Nah\u00f3n Guill\u00e9n, M. (2020). <a href=\"https:\/\/aiic.org\/site\/webzine\/issue-76\/simultaneous-simplification\" target=\"_blank\" rel=\"noreferrer noopener nofollow\">Simultaneous simplification. A world first, to include persons with intellectual disabilities<\/a>. <em>Communicate! Journeys, 76<\/em>. <span class=\"tag-access\">[in English]<\/span><\/li><\/ul>\n","protected":false},"excerpt":{"rendered":"<p>Additional materials [standard] Asociaci\u00f3n Espa\u00f1ola de Normalizaci\u00f3n y Certificaci\u00f3n (AENOR). (2012). Norma UNE 153010: Subtitulado para personas sordas y personas con discapacidad auditiva. [in Spanish] [book chapter] Lorenzo Garc\u00eda, L. (2010). Criteria for elaborating subtitling for deaf and hard of hearing children in Spain: a guide of good practice. In A. Matamala, &amp; P. Orero [&hellip;]<\/p>\n","protected":false},"author":1,"featured_media":0,"parent":870,"menu_order":0,"comment_status":"closed","ping_status":"closed","template":"","meta":{"footnotes":""},"class_list":["post-899","page","type-page","status-publish","hentry"],"acf":[],"yoast_head":"<!-- This site is optimized with the Yoast SEO plugin v20.0 - https:\/\/yoast.com\/wordpress\/plugins\/seo\/ -->\n<title>3A.1.11. Interview with professionals 2 - EASIT<\/title>\n<meta name=\"robots\" content=\"index, follow, max-snippet:-1, max-image-preview:large, max-video-preview:-1\" \/>\n<link rel=\"canonical\" href=\"https:\/\/transmediacatalonia.uab.cat\/easit\/unit-3a\/element-1\/interview-with-professionals-2\/\" \/>\n<meta property=\"og:locale\" content=\"en_GB\" \/>\n<meta property=\"og:type\" content=\"article\" \/>\n<meta property=\"og:title\" content=\"3A.1.11. Interview with professionals 2 - EASIT\" \/>\n<meta property=\"og:description\" content=\"Additional materials [standard] Asociaci\u00f3n Espa\u00f1ola de Normalizaci\u00f3n y Certificaci\u00f3n (AENOR). (2012). Norma UNE 153010: Subtitulado para personas sordas y personas con discapacidad auditiva. [in Spanish] [book chapter] Lorenzo Garc\u00eda, L. (2010). Criteria for elaborating subtitling for deaf and hard of hearing children in Spain: a guide of good practice. In A. Matamala, &amp; P. Orero [&hellip;]\" \/>\n<meta property=\"og:url\" content=\"https:\/\/transmediacatalonia.uab.cat\/easit\/unit-3a\/element-1\/interview-with-professionals-2\/\" \/>\n<meta property=\"og:site_name\" content=\"EASIT\" \/>\n<meta property=\"article:modified_time\" content=\"2024-03-22T12:08:12+00:00\" \/>\n<meta name=\"twitter:card\" content=\"summary_large_image\" \/>\n<meta name=\"twitter:label1\" content=\"Estimated reading time\" \/>\n\t<meta name=\"twitter:data1\" content=\"1 minute\" \/>\n<script type=\"application\/ld+json\" class=\"yoast-schema-graph\">{\"@context\":\"https:\/\/schema.org\",\"@graph\":[{\"@type\":\"WebPage\",\"@id\":\"https:\/\/transmediacatalonia.uab.cat\/easit\/unit-3a\/element-1\/interview-with-professionals-2\/\",\"url\":\"https:\/\/transmediacatalonia.uab.cat\/easit\/unit-3a\/element-1\/interview-with-professionals-2\/\",\"name\":\"3A.1.11. Interview with professionals 2 - EASIT\",\"isPartOf\":{\"@id\":\"https:\/\/transmediacatalonia.uab.cat\/easit\/#website\"},\"datePublished\":\"2021-07-28T05:12:52+00:00\",\"dateModified\":\"2024-03-22T12:08:12+00:00\",\"breadcrumb\":{\"@id\":\"https:\/\/transmediacatalonia.uab.cat\/easit\/unit-3a\/element-1\/interview-with-professionals-2\/#breadcrumb\"},\"inLanguage\":\"en-GB\",\"potentialAction\":[{\"@type\":\"ReadAction\",\"target\":[\"https:\/\/transmediacatalonia.uab.cat\/easit\/unit-3a\/element-1\/interview-with-professionals-2\/\"]}]},{\"@type\":\"BreadcrumbList\",\"@id\":\"https:\/\/transmediacatalonia.uab.cat\/easit\/unit-3a\/element-1\/interview-with-professionals-2\/#breadcrumb\",\"itemListElement\":[{\"@type\":\"ListItem\",\"position\":1,\"name\":\"Home\",\"item\":\"https:\/\/transmediacatalonia.uab.cat\/easit\/\"},{\"@type\":\"ListItem\",\"position\":2,\"name\":\"UNIT 3A. E2U and subtitling\",\"item\":\"https:\/\/transmediacatalonia.uab.cat\/easit\/unit-3a\/\"},{\"@type\":\"ListItem\",\"position\":3,\"name\":\"ELEMENT 1. Processes\",\"item\":\"https:\/\/transmediacatalonia.uab.cat\/easit\/unit-3a\/element-1\/\"},{\"@type\":\"ListItem\",\"position\":4,\"name\":\"3A.1.11. Interview with professionals 2\"}]},{\"@type\":\"WebSite\",\"@id\":\"https:\/\/transmediacatalonia.uab.cat\/easit\/#website\",\"url\":\"https:\/\/transmediacatalonia.uab.cat\/easit\/\",\"name\":\"EASIT\",\"description\":\"Easy Access for Social Inclusion Trainig\",\"potentialAction\":[{\"@type\":\"SearchAction\",\"target\":{\"@type\":\"EntryPoint\",\"urlTemplate\":\"https:\/\/transmediacatalonia.uab.cat\/easit\/?s={search_term_string}\"},\"query-input\":\"required name=search_term_string\"}],\"inLanguage\":\"en-GB\"}]}<\/script>\n<!-- \/ Yoast SEO plugin. -->","yoast_head_json":{"title":"3A.1.11. Interview with professionals 2 - EASIT","robots":{"index":"index","follow":"follow","max-snippet":"max-snippet:-1","max-image-preview":"max-image-preview:large","max-video-preview":"max-video-preview:-1"},"canonical":"https:\/\/transmediacatalonia.uab.cat\/easit\/unit-3a\/element-1\/interview-with-professionals-2\/","og_locale":"en_GB","og_type":"article","og_title":"3A.1.11. Interview with professionals 2 - EASIT","og_description":"Additional materials [standard] Asociaci\u00f3n Espa\u00f1ola de Normalizaci\u00f3n y Certificaci\u00f3n (AENOR). (2012). Norma UNE 153010: Subtitulado para personas sordas y personas con discapacidad auditiva. [in Spanish] [book chapter] Lorenzo Garc\u00eda, L. (2010). Criteria for elaborating subtitling for deaf and hard of hearing children in Spain: a guide of good practice. In A. Matamala, &amp; P. Orero [&hellip;]","og_url":"https:\/\/transmediacatalonia.uab.cat\/easit\/unit-3a\/element-1\/interview-with-professionals-2\/","og_site_name":"EASIT","article_modified_time":"2024-03-22T12:08:12+00:00","twitter_card":"summary_large_image","twitter_misc":{"Estimated reading time":"1 minute"},"schema":{"@context":"https:\/\/schema.org","@graph":[{"@type":"WebPage","@id":"https:\/\/transmediacatalonia.uab.cat\/easit\/unit-3a\/element-1\/interview-with-professionals-2\/","url":"https:\/\/transmediacatalonia.uab.cat\/easit\/unit-3a\/element-1\/interview-with-professionals-2\/","name":"3A.1.11. Interview with professionals 2 - EASIT","isPartOf":{"@id":"https:\/\/transmediacatalonia.uab.cat\/easit\/#website"},"datePublished":"2021-07-28T05:12:52+00:00","dateModified":"2024-03-22T12:08:12+00:00","breadcrumb":{"@id":"https:\/\/transmediacatalonia.uab.cat\/easit\/unit-3a\/element-1\/interview-with-professionals-2\/#breadcrumb"},"inLanguage":"en-GB","potentialAction":[{"@type":"ReadAction","target":["https:\/\/transmediacatalonia.uab.cat\/easit\/unit-3a\/element-1\/interview-with-professionals-2\/"]}]},{"@type":"BreadcrumbList","@id":"https:\/\/transmediacatalonia.uab.cat\/easit\/unit-3a\/element-1\/interview-with-professionals-2\/#breadcrumb","itemListElement":[{"@type":"ListItem","position":1,"name":"Home","item":"https:\/\/transmediacatalonia.uab.cat\/easit\/"},{"@type":"ListItem","position":2,"name":"UNIT 3A. E2U and subtitling","item":"https:\/\/transmediacatalonia.uab.cat\/easit\/unit-3a\/"},{"@type":"ListItem","position":3,"name":"ELEMENT 1. Processes","item":"https:\/\/transmediacatalonia.uab.cat\/easit\/unit-3a\/element-1\/"},{"@type":"ListItem","position":4,"name":"3A.1.11. Interview with professionals 2"}]},{"@type":"WebSite","@id":"https:\/\/transmediacatalonia.uab.cat\/easit\/#website","url":"https:\/\/transmediacatalonia.uab.cat\/easit\/","name":"EASIT","description":"Easy Access for Social Inclusion Trainig","potentialAction":[{"@type":"SearchAction","target":{"@type":"EntryPoint","urlTemplate":"https:\/\/transmediacatalonia.uab.cat\/easit\/?s={search_term_string}"},"query-input":"required name=search_term_string"}],"inLanguage":"en-GB"}]}},"_links":{"self":[{"href":"https:\/\/transmediacatalonia.uab.cat\/easit\/wp-json\/wp\/v2\/pages\/899","targetHints":{"allow":["GET"]}}],"collection":[{"href":"https:\/\/transmediacatalonia.uab.cat\/easit\/wp-json\/wp\/v2\/pages"}],"about":[{"href":"https:\/\/transmediacatalonia.uab.cat\/easit\/wp-json\/wp\/v2\/types\/page"}],"author":[{"embeddable":true,"href":"https:\/\/transmediacatalonia.uab.cat\/easit\/wp-json\/wp\/v2\/users\/1"}],"replies":[{"embeddable":true,"href":"https:\/\/transmediacatalonia.uab.cat\/easit\/wp-json\/wp\/v2\/comments?post=899"}],"version-history":[{"count":8,"href":"https:\/\/transmediacatalonia.uab.cat\/easit\/wp-json\/wp\/v2\/pages\/899\/revisions"}],"predecessor-version":[{"id":2317,"href":"https:\/\/transmediacatalonia.uab.cat\/easit\/wp-json\/wp\/v2\/pages\/899\/revisions\/2317"}],"up":[{"embeddable":true,"href":"https:\/\/transmediacatalonia.uab.cat\/easit\/wp-json\/wp\/v2\/pages\/870"}],"wp:attachment":[{"href":"https:\/\/transmediacatalonia.uab.cat\/easit\/wp-json\/wp\/v2\/media?parent=899"}],"curies":[{"name":"wp","href":"https:\/\/api.w.org\/{rel}","templated":true}]}}